{"id":3,"date":"2021-04-14T12:12:04","date_gmt":"2021-04-14T12:12:04","guid":{"rendered":"http:\/\/disoler.com\/dev\/?page_id=3"},"modified":"2021-05-05T14:37:48","modified_gmt":"2021-05-05T14:37:48","slug":"politica-privacidad","status":"publish","type":"page","link":"https:\/\/disoler.com\/cat\/politica-privacidad\/","title":{"rendered":"Pol\u00edtica de privacitat"},"content":{"rendered":"<div data-elementor-type=\"wp-page\" data-elementor-id=\"3\" class=\"elementor elementor-3\" data-elementor-settings=\"[]\">\n\t\t\t\t\t\t\t<div class=\"elementor-section-wrap\">\n\t\t\t\t\t\t\t<section class=\"elementor-section elementor-top-section elementor-element elementor-element-65a5cc73 elementor-section-boxed elementor-section-height-default elementor-section-height-default\" data-id=\"65a5cc73\" data-element_type=\"section\">\n\t\t\t\t\t\t<div class=\"elementor-container elementor-column-gap-default\">\n\t\t\t\t\t<div class=\"elementor-column elementor-col-100 elementor-top-column elementor-element elementor-element-8074374 ot-flex-column-vertical\" data-id=\"8074374\" data-element_type=\"column\">\n\t\t\t<div class=\"elementor-widget-wrap elementor-element-populated\">\n\t\t\t\t\t\t\t\t<div class=\"elementor-element elementor-element-7977b2db elementor-widget elementor-widget-text-editor\" data-id=\"7977b2db\" data-element_type=\"widget\" data-widget_type=\"text-editor.default\">\n\t\t\t\t<div class=\"elementor-widget-container\">\n\t\t\t\t\t\t\t<!-- wp:paragraph --><!-- \/wp:paragraph --><!-- wp:paragraph -->\n<p><strong>DISOLER ESPAIS SL<\/strong> t&#039;informa sobre la seva Pol\u00edtica de Privacitat respecte de l&#039;tractament i protecci\u00f3 de les dades de car\u00e0cter personal dels usuaris i clients que puguin ser recollides per la navegaci\u00f3 o contractaci\u00f3 de serveis a trav\u00e9s de el lloc web\u00a0<a href=\"https:\/\/disoler.com\/cat\/\">https:\/\/disoler.com\/<\/a><\/p>\n<!-- \/wp:paragraph --><!-- wp:paragraph -->\n<p>En aquest sentit, el <strong>DISOLER ESPAIS SL<\/strong> garanteix el compliment de la normativa vigent en mat\u00e8ria de protecci\u00f3 de dades personals, reflectida en la Llei Org\u00e0nica 3\/2018, de 5 de desembre, de Protecci\u00f3 de Dades Personals i de Garantia de Drets Digitals (LOPD GDD). Compleix tamb\u00e9 amb el Reglament (UE) 2016\/679 de el Parlament Europeu i de Consell de 27 d&#039;abril de 2016 relatiu a la protecci\u00f3 de les persones f\u00edsiques (RGPD).<\/p>\n<!-- \/wp:paragraph --><!-- wp:paragraph -->\n<p>L&#039;\u00fas d&#039; <a href=\"https:\/\/disoler.com\/cat\/\">https:\/\/disoler.com\/<\/a>\u00a0implica l&#039;acceptaci\u00f3 d&#039;aquesta Pol\u00edtica de Privacitat aix\u00ed com les condicions incloses en l&#039;Av\u00eds Legal.<\/p>\n<!-- \/wp:paragraph --><!-- wp:heading {\"level\":3} -->\n<h3 id=\"identidad-del-responsable\">Identitat de l&#039;responsable<\/h3>\n<!-- \/wp:heading --><!-- wp:list -->\n<ul>\n<li>titular: <strong>DISOLER ESPAIS SL<\/strong><\/li>\n<li>NIF \/ CIF: B-66.037.862<\/li>\n<li>Domicili: C \/ Moss\u00e9n Quint\u00ed Mallofr\u00e9 3-5 bxs 08030 Barcelona<\/li>\n<li>Correu electr\u00f2nic:\u00a0<a href=\"mailto:info@disoler.com\">info@disoler.com<\/a><\/li>\n<li>Lloc Web:\u00a0<a href=\"https:\/\/disoler.com\/cat\/\">https:\/\/disoler.com\/<\/a><\/li>\n<\/ul>\n<!-- \/wp:list --><!-- wp:heading {\"level\":3} -->\n<h3 id=\"principios-aplicados-en-el-tratamiento-de-datos\">Principis aplicats en el tractament de dades<\/h3>\n<!-- \/wp:heading --><!-- wp:paragraph -->\n<p>En el tractament de les teves dades personals, el titular ha d&#039;aplicar els seg\u00fcents principis que s&#039;ajusten a les exig\u00e8ncies de el nou reglament europeu de protecci\u00f3 de dades:<\/p>\n<!-- \/wp:paragraph --><!-- wp:list -->\n<ul>\n<li><strong>Principi de licitud, lleialtat i transpar\u00e8ncia:<\/strong>\u00a0El Titular sempre requerir\u00e0 el consentiment per al tractament de les teves dades personals que pot ser per a un o diversos fins espec\u00edfics sobre els quals t&#039;informar\u00e0 pr\u00e8viament amb absoluta transpar\u00e8ncia.<\/li>\n<li><strong>Principi de minimitzaci\u00f3 de dades:<\/strong>\u00a0El Titular et sol\u00b7licitar\u00e0 nom\u00e9s les dades estrictament necess\u00e0ries per a la finalitat o les finalitats que els sol\u00b7licita.<\/li>\n<li><strong>Principi de limitaci\u00f3 de l&#039;termini de conservaci\u00f3:<\/strong>\u00a0Les dades es mantindran durant el temps estrictament necessari per al cap o els caps de el tractament.<br \/>El Titular t&#039;informar\u00e0 de el termini de conservaci\u00f3 corresponent segons la finalitat. En el cas de subscripcions, el Titular revisar\u00e0 peri\u00f2dicament les llistes i eliminar\u00e0 aquells registres inactius durant un temps considerable.<\/li>\n<li><strong>Principi d&#039;integritat i confidencialitat:<\/strong>\u00a0Les teves dades seran tractades de tal manera que la seva seguretat, confidencialitat i integritat estigui garantida. Has de saber que el Titular pren les precaucions necess\u00e0ries per evitar l&#039;acc\u00e9s no autoritzat o \u00fas indegut de les dades dels seus usuaris per part de tercers.<\/li>\n<\/ul>\n<!-- \/wp:list --><!-- wp:heading {\"level\":3} -->\n<h3 id=\"obtencin-de-datos-personales\">Obtenci\u00f3 de dades personals<\/h3>\n<!-- \/wp:heading --><!-- wp:paragraph -->\n<p>Per navegar per\u00a0<a href=\"https:\/\/disoler.com\/cat\/\">https:\/\/disoler.com\/<\/a> no cal que facilitis cap dada personal. Els casos en qu\u00e8 s\u00ed proporciones les teves dades personals s\u00f3n els seg\u00fcents:<\/p>\n<!-- \/wp:paragraph --><!-- wp:list -->\n<ul>\n<li>A l&#039;contactar a trav\u00e9s dels formularis de contacte o enviar un correu electr\u00f2nic.<\/li>\n<li>A l&#039;realitzar un comentari en un article o p\u00e0gina.<\/li>\n<li>A l&#039;inscriure&#039;t en un formulari de subscripci\u00f3 o un butllet\u00ed que el Titular gestiona amb MailChimp.<\/li>\n<\/ul>\n<!-- \/wp:list --><!-- wp:heading {\"level\":3} -->\n<h3 id=\"tus-derechos\">Els teus drets<\/h3>\n<!-- \/wp:heading --><!-- wp:paragraph -->\n<p>El Titular t&#039;informa que sobre les teves dades personals tens dret a:<\/p>\n<!-- \/wp:paragraph --><!-- wp:list -->\n<ul>\n<li>Sol\u00b7licitar l&#039;acc\u00e9s a les dades emmagatzemades.<\/li>\n<li>Demana una rectificaci\u00f3 o la cancel\u00b7laci\u00f3.<\/li>\n<li>Sol\u00b7licitar la limitaci\u00f3 del seu tractament.<\/li>\n<li>Oposar-te al tractament.<\/li>\n<li>Sol\u00b7licitar la portabilitat de les teves dades.<\/li>\n<\/ul>\n<!-- \/wp:list --><!-- wp:paragraph -->\n<p>L&#039;exercici d&#039;aquests drets \u00e9s personal i per tant ha de ser exercit directament per l&#039;interessat, sol\u00b7licitant-lo directament a la persona titular, el que significa que qualsevol client, subscriptor o col\u00b7laborador que hagi facilitat les seves dades en algun moment pot dirigir-se a l&#039;Titular i demanar informaci\u00f3 sobre els dades que t\u00e9 emmagatzemades i com els ha obtingut, sol\u00b7licitar la rectificaci\u00f3 dels mateixos, sol\u00b7licitar la portabilitat de les seves dades personals, oposar-se a el tractament, limitar el seu \u00fas o sol\u00b7licitar la cancel\u00b7laci\u00f3 d&#039;aquestes dades en els fitxers de l&#039;Titular.<\/p>\n<!-- \/wp:paragraph --><!-- wp:paragraph -->\n<p>Per exercitar els teus drets d&#039;acc\u00e9s, rectificaci\u00f3, cancel\u00b7laci\u00f3, portabilitat i oposici\u00f3 has d&#039;enviar un correu electr\u00f2nic a\u00a0<a href=\"mailto:info@elviravictoria.com\">info@disoler.com<\/a>\u00a0juntament amb la prova v\u00e0lida en dret com una fotoc\u00f2pia de l&#039;DNI o equivalent.<\/p>\n<!-- \/wp:paragraph --><!-- wp:paragraph -->\n<p>Tens dret a la tutela judicial efectiva ia presentar una reclamaci\u00f3 davant l&#039;autoritat de control, en aquest cas, l&#039;Ag\u00e8ncia Espanyola de Protecci\u00f3 de Dades, si consideres que el tractament de dades personals que et concerneixen infringeix el Reglament.<\/p>\n<!-- \/wp:paragraph --><!-- wp:heading {\"level\":3} -->\n<h3 id=\"finalidad-del-tratamiento-de-datos-personales\">Finalitat de el tractament de dades personals<\/h3>\n<!-- \/wp:heading --><!-- wp:paragraph -->\n<p>Quan et connectes a el lloc web per enviar un correu a la persona titular, et subscrius al seu butllet\u00ed o realitzes una contractaci\u00f3, est\u00e0s facilitant informaci\u00f3 de car\u00e0cter personal de la qual el responsable \u00e9s el titular. Aquesta informaci\u00f3 pot incloure dades de car\u00e0cter personal com poden ser la teva adre\u00e7a IP, nom i cognoms, adre\u00e7a f\u00edsica, adre\u00e7a de correu electr\u00f2nic, n\u00famero de tel\u00e8fon, i una altra informaci\u00f3. A l&#039;facilitar aquesta informaci\u00f3, d\u00f3nes el teu consentiment perqu\u00e8 la teva informaci\u00f3 sigui recopilada, utilitzada, gestionada i emmagatzemada per superadmin.es, nom\u00e9s com es descriu en l&#039;Av\u00eds Legal i en la present Pol\u00edtica de Privacitat.<\/p>\n<!-- \/wp:paragraph --><!-- wp:paragraph -->\n<p>Les dades personals i la finalitat de l&#039;tractament per part de l&#039;Titular \u00e9s diferent segons el sistema de captura d&#039;informaci\u00f3:<\/p>\n<!-- \/wp:paragraph --><!-- wp:list -->\n<ul>\n<li><strong>Formularis de contacte:<\/strong>\u00a0El Titular sol\u00b7licita dades personals entre els quals poden estar: Nom i cognoms, adre\u00e7a de correu electr\u00f2nic, n\u00famero de tel\u00e8fon i adre\u00e7a del teu lloc web amb la finalitat de respondre a les teves consultes.<br \/>Per exemple, el Titular utilitza aquestes dades per donar resposta a les teves missatges, dubtes, queixes, comentaris o inquietuds que puguis tenir relatives a la informaci\u00f3 inclosa en el lloc web, els serveis que es presten a trav\u00e9s de el lloc web, el tractament de les teves dades personals, q\u00fcestions referents als textos legals inclosos en el lloc web, aix\u00ed com qualsevol altra consulta que puguis tenir i que no estigui subjecta a les condicions de el lloc web o de la contractaci\u00f3.<\/li>\n<li><strong>Formularis de subscripci\u00f3 a continguts:<\/strong>\u00a0El Titular sol\u00b7licita les dades personals: Nom i cognoms, adre\u00e7a de correu electr\u00f2nic, n\u00famero de tel\u00e8fon i adre\u00e7a del teu lloc web per gestionar la llista de subscripcions, enviar butlletins, promocions i ofertes especials.<br \/>Les dades que facilitis a l&#039;Titular estaran ubicats en els servidors de The Rocket Science Group LLC d \/ b \/ a, amb domicili als EUA. (Mailchimp).<\/li>\n<\/ul>\n<!-- \/wp:list --><!-- wp:paragraph -->\n<p>Existeixen altres finalitats per les quals el titular tracta les dades personals:<\/p>\n<!-- \/wp:paragraph --><!-- wp:list -->\n<ul>\n<li>Per garantir el compliment de les condicions recollides en l&#039;Av\u00eds Legal i en la llei aplicable. Aix\u00f2 pot incloure el desenvolupament d&#039;eines i algoritmes que ajudin a aquest lloc web a garantir la confidencialitat de les dades personals que recull.<\/li>\n<li>Per donar suport i millorar els serveis que ofereix aquest lloc web.<\/li>\n<li>Per analitzar la navegaci\u00f3. El Titular recull altres dades no identificatives que s&#039;obtenen mitjan\u00e7ant l&#039;\u00fas de cookies que es descarreguen en el teu ordinador quan navegues pel lloc web que les seves caracter\u00edsitiques i finalitat estan detallades en la Pol\u00edtica de Cookies.<\/li>\n<li>Per gestionar les xarxes socials. el titular t\u00e9 pres\u00e8ncia en xarxes socials. Si et fas seguidor a les xarxes socials de l&#039;Titular el tractament de les dades personals es regir\u00e0 per aquest apartat, aix\u00ed com per aquelles condicions d&#039;\u00fas, pol\u00edtiques de privacitat i normatives d&#039;acc\u00e9s que pertanyin a la xarxa social que procedeixi en cada cas i que has acceptat pr\u00e8viament.<\/li>\n<\/ul>\n<!-- \/wp:list --><!-- wp:paragraph -->\n<p>El Titular tractar\u00e0 les dades personals amb la finalitat d&#039;administrar correctament la seva pres\u00e8ncia a la xarxa social, informar-te de les seves activitats, productes o serveis, aix\u00ed com per a qualsevol altra finalitat que les normatives de les xarxes socials permeten.<\/p>\n<!-- \/wp:paragraph --><!-- wp:paragraph -->\n<p>En cap cas el titular utilitzar\u00e0 els perfils de seguidors en xarxes socials per enviar publicitat de manera individual.<\/p>\n<!-- \/wp:paragraph --><!-- wp:heading {\"level\":3} -->\n<h3 id=\"seguridad-de-los-datos-personales\">Seguretat de les dades personals<\/h3>\n<!-- \/wp:heading --><!-- wp:paragraph -->\n<p>Per protegir les teves dades personals, el Titular pren totes les precaucions raonables i segueix les millors pr\u00e0ctiques de la ind\u00fastria per evitar la seva p\u00e8rdua, mal \u00fas, acc\u00e9s indegut, divulgaci\u00f3, alteraci\u00f3 o destrucci\u00f3 dels mateixos.<\/p>\n<!-- \/wp:paragraph --><!-- wp:paragraph -->\n<p>El lloc web est\u00e0 allotjat en\u00a0<a href=\"https:\/\/www.piensasolutions.com\/\">pensa Solutions<\/a>. La seguretat de les teves dades est\u00e0 garantida, ja que prenen totes les mesures de seguretat necess\u00e0ries per a aix\u00f2. Pots consultar la seva pol\u00edtica de privacitat per tenir m\u00e9s informaci\u00f3.<\/p>\n<!-- \/wp:paragraph --><!-- wp:heading {\"level\":3} -->\n<h3 id=\"contenido-de-otros-sitios-web\">Contingut d&#039;altres llocs web<\/h3>\n<!-- \/wp:heading --><!-- wp:paragraph -->\n<p>Les p\u00e0gines d&#039;aquest lloc web poden incloure contingut incrustat (per exemple, v\u00eddeos, imatges, articles, etc.). El contingut incrustat d&#039;altres web es comporta exactament de la mateixa manera que si haguessis visitat l&#039;altra web.<\/p>\n<!-- \/wp:paragraph --><!-- wp:paragraph -->\n<p>Aquests llocs web poden recopilar dades sobre tu, utilitzar cookies, incrustar un codi de seguiment addicional de tercers, i supervisar la teva interacci\u00f3 usant aquest codi.<\/p>\n<!-- \/wp:paragraph --><!-- wp:heading {\"level\":3} -->\n<h3 id=\"poltica-de-cookies\">Pol\u00edtica de Cookies<\/h3>\n<!-- \/wp:heading --><!-- wp:paragraph -->\n<p>Perqu\u00e8 aquest lloc web funcioni correctament necessita utilitzar cookies, que \u00e9s una informaci\u00f3 que s&#039;emmagatzema al navegador web.<\/p>\n<!-- \/wp:paragraph --><!-- wp:paragraph -->\n<p>A la p\u00e0gina Pol\u00edtica de Cookies pots consultar tota la informaci\u00f3 relativa a la pol\u00edtica de recollida, la finalitat i el tractament de les cookies.<\/p>\n<!-- \/wp:paragraph --><!-- wp:heading {\"level\":3} -->\n<h3 id=\"legitimacin-para-el-tratamiento-de-datos\">Legitimaci\u00f3 per al tractament de dades<\/h3>\n<!-- \/wp:heading --><!-- wp:paragraph -->\n<p>La base legal per al tractament de les teves dades \u00e9s: el consentiment.<\/p>\n<!-- \/wp:paragraph --><!-- wp:paragraph -->\n<p>Per contactar amb el Titular, subscriure a un butllet\u00ed o fer comentaris en aquest lloc web has d&#039;acceptar la present pol\u00edtica de privacitat.<\/p>\n<!-- \/wp:paragraph --><!-- wp:heading {\"level\":3} -->\n<h3 id=\"categoras-de-datos-personales\">Categories de dades personals<\/h3>\n<!-- \/wp:heading --><!-- wp:paragraph -->\n<p>Les categories de dades personals que tracta el titular s\u00f3n:<\/p>\n<!-- \/wp:paragraph --><!-- wp:list -->\n<ul>\n<li>Dades identificatives.<\/li>\n<\/ul>\n<!-- \/wp:list --><!-- wp:heading {\"level\":3} -->\n<h3 id=\"conservacin-de-datos-personales\">Conservaci\u00f3 de dades personals<\/h3>\n<!-- \/wp:heading --><!-- wp:paragraph -->\n<p>Les dades personals que proporcions a l&#039;Titular es conservaran fins que sol\u00b7licitis la seva supressi\u00f3.<\/p>\n<!-- \/wp:paragraph --><!-- wp:heading {\"level\":3} -->\n<h3 id=\"destinatarios-de-datos-personales\">Destinataris de dades personals<\/h3>\n<!-- \/wp:heading --><!-- wp:list -->\n<ul>\n<li><strong>Mailchimp<\/strong>\u00a0The Rocket Science Group LLC d \/ b \/ a, amb domicili als EUA.<br \/>Trobar\u00e0s m\u00e9s informaci\u00f3 a:\u00a0<strong><a href=\"https:\/\/mailchimp.com\/\" target=\"_blank\" rel=\"noreferrer noopener\">https:\/\/mailchimp.com<\/a><\/strong><br \/>The Rocket Science Group LLC d \/ b \/ a tracta les dades amb la finalitat de prestar els seus serveis de correu electr\u00f2nic el Titulareting a l&#039;Titular.<\/li>\n<li><strong>Google Analytics<\/strong>\u00a0\u00e9s un servei d&#039;anal\u00edtica web prestat per Google, Inc., una companyia de Delaware l&#039;oficina principal a 1600 Amphitheatre Parkway, Mountain View (Calif\u00f2rnia), CA 94043, Estats Units ( &quot;Google&quot;). Trobar\u00e0s m\u00e9s informaci\u00f3 a:\u00a0<strong><a href=\"https:\/\/analytics.google.com\/\" target=\"_blank\" rel=\"noreferrer noopener\">https:\/\/analytics.google.com<\/a><\/strong><br \/>Google Analytics utilitza &quot;cookies&quot;, que s\u00f3n arxius de text ubicats al teu ordinador, per ajudar a l&#039;Titular a analitzar l&#039;\u00fas que fan els usuaris de la p\u00e0gina web. La informaci\u00f3 que genera la cookie sobre el l&#039;\u00fas de el lloc web (incloent la seva adre\u00e7a IP) ser\u00e0 directament transmesa i arxivada per Google en els servidors d&#039;Estats Units.<\/li>\n<\/ul>\n<!-- \/wp:list --><!-- wp:paragraph -->\n<p>Tamb\u00e9 pots veure una llista dels tipus de cookies que utilitza Google i els seus col\u00b7laboradors i tota la informaci\u00f3 relativa a l&#039;\u00fas que fan de cookies publicit\u00e0ries.<\/p>\n<!-- \/wp:paragraph --><!-- wp:heading {\"level\":3} -->\n<h3 id=\"navegacin-web\">navegaci\u00f3 Web<\/h3>\n<!-- \/wp:heading --><!-- wp:paragraph -->\n<p>A l&#039;navegar per\u00a0<a href=\"https:\/\/www.elviravictoria.com\/\">https:\/\/disoler.com\/<\/a>\u00a0es poden recollir dades no identificatives, que poden incloure, l&#039;adre\u00e7a IP, geolocalitzaci\u00f3, un registre de com s&#039;utilitzen els serveis i llocs, h\u00e0bits de navegaci\u00f3 i altres dades que no poden ser utilitzats per identificar-te.<\/p>\n<!-- \/wp:paragraph --><!-- wp:paragraph -->\n<p>El lloc web utilitza els seg\u00fcents serveis d&#039;an\u00e0lisi de tercers:<\/p>\n<!-- \/wp:paragraph --><!-- wp:list -->\n<ul>\n<li>Google Analytics<\/li>\n<\/ul>\n<!-- \/wp:list --><!-- wp:paragraph -->\n<p>El Titular utilitza la informaci\u00f3 obtinguda per obtenir dades estad\u00edstiques, analitzar tend\u00e8ncies, administrar el lloc, estudiar patrons de navegaci\u00f3 i per recopilar informaci\u00f3 demogr\u00e0fica.<\/p>\n<!-- \/wp:paragraph --><!-- wp:heading {\"level\":3} -->\n<h3 id=\"exactitud-y-veracidad-de-los-datos-personales\">Exactitud i veracitat de les dades personals<\/h3>\n<!-- \/wp:heading --><!-- wp:paragraph -->\n<p>Et compromets a que les dades facilitades a l&#039;Titular siguin correctes, complets, exactes i vigents, aix\u00ed com a mantenir-les degudament actualitzades.<\/p>\n<!-- \/wp:paragraph --><!-- wp:paragraph -->\n<p>Com Usuari de el lloc web ets l&#039;\u00fanic responsable de la veracitat i correcci\u00f3 de les dades que facis arribar a el lloc exonerant a l&#039;Titular de qualsevol responsabilitat a l&#039;respecte.<\/p>\n<!-- \/wp:paragraph --><!-- wp:heading {\"level\":3} -->\n<h3 id=\"aceptacin-y-consentimiento\">Acceptaci\u00f3 i consentiment<\/h3>\n<!-- \/wp:heading --><!-- wp:paragraph -->\n<p>Com Usuari de el lloc web declares haver estat informat de les condicions sobre protecci\u00f3 de dades de car\u00e0cter personal, acceptes i consenteixes el tractament dels mateixos per part de l&#039;Titular en la forma i per a les finalitats indicades en aquesta Pol\u00edtica de Privacitat.<\/p>\n<!-- \/wp:paragraph --><!-- wp:heading {\"level\":3} -->\n<h3 id=\"revocabilidad\">revocabilitat<\/h3>\n<!-- \/wp:heading --><!-- wp:paragraph -->\n<p>Per exercitar els teus drets d&#039;acc\u00e9s, rectificaci\u00f3, cancel\u00b7laci\u00f3, portabilitat i oposici\u00f3 has d&#039;enviar un correu electr\u00f2nic a <a href=\"mailto:info@disoler.com\">info@disoler.com<\/a> juntament amb la prova v\u00e0lida en dret com una fotoc\u00f2pia de l&#039;DNI o equivalent.<\/p>\n<!-- \/wp:paragraph --><!-- wp:paragraph -->\n<p>L&#039;exercici dels teus drets no inclou cap dada que el Titular estigui obligat a conservar amb fins administratius, legals o de seguretat.<\/p>\n<!-- \/wp:paragraph --><!-- wp:heading {\"level\":3} -->\n<h3 id=\"cambios-en-la-poltica-de-privacidad\">Canvis en la Pol\u00edtica de Privacitat<\/h3>\n<!-- \/wp:heading --><!-- wp:paragraph -->\n<p>El Titular es reserva el dret a modificar la present Pol\u00edtica de Privacitat per adaptar-la a novetats legislatives o jurisprudencials, aix\u00ed com a pr\u00e0ctiques de la ind\u00fastria.<\/p>\n<!-- \/wp:paragraph --><!-- wp:paragraph -->\n<p>Aquestes pol\u00edtiques estaran vigents fins que siguin modificades per altres degudament publicades.<\/p>\n<!-- \/wp:paragraph -->\t\t\t\t\t\t<\/div>\n\t\t\t\t<\/div>\n\t\t\t\t\t<\/div>\n\t\t<\/div>\n\t\t\t\t\t\t\t<\/div>\n\t\t<\/section>\n\t\t\t\t\t\t<\/div>\n\t\t\t\t\t<\/div>","protected":false},"excerpt":{"rendered":"<p>DISOLER ESPAIS SL t&#039;informa sobre la seva Pol\u00edtica de Privadesa respecte del tractament i protecci\u00f3 de les dades de car\u00e0cter personal dels usuaris i clients que puguin ser demanats per la navegaci\u00f3 o contractaci\u00f3 de serveis a trav\u00e9s del lloc web https:\/\/disoler.com\/ En aquest sentit, el DISOLER ESPAIS SL garanteix el compliment de la normativa [\u2026]<\/p>","protected":false},"author":1,"featured_media":5522,"parent":0,"menu_order":0,"comment_status":"closed","ping_status":"closed","template":"","meta":{"footnotes":""},"yoast_head":"<!-- This site is optimized with the Yoast SEO plugin v18.3 - https:\/\/yoast.com\/wordpress\/plugins\/seo\/ -->\n<title>Pol\u00edtica de privacidad - Disoler Espais S.L.<\/title>\n<meta name=\"robots\" content=\"index, follow, max-snippet:-1, max-image-preview:large, max-video-preview:-1\" \/>\n<link rel=\"canonical\" href=\"https:\/\/disoler.com\/cat\/politica-privacidad\/\" \/>\n<meta property=\"og:locale\" content=\"ca_ES\" \/>\n<meta property=\"og:type\" content=\"article\" \/>\n<meta property=\"og:title\" content=\"Pol\u00edtica de privacidad - Disoler Espais S.L.\" \/>\n<meta property=\"og:description\" content=\"DISOLER ESPAIS S.L. te informa sobre su Pol\u00edtica de Privacidad respecto del tratamiento y protecci\u00f3n de los datos de car\u00e1cter personal de los usuarios y clientes que puedan ser recabados por la navegaci\u00f3n o contrataci\u00f3n de servicios a trav\u00e9s del sitio Web\u00a0https:\/\/disoler.com\/ En este sentido, el DISOLER ESPAIS S.L. garantiza el cumplimiento de la normativa [&hellip;]\" \/>\n<meta property=\"og:url\" content=\"https:\/\/disoler.com\/cat\/politica-privacidad\/\" \/>\n<meta property=\"og:site_name\" content=\"Disoler Espais S.L.\" \/>\n<meta property=\"article:modified_time\" content=\"2021-05-05T14:37:48+00:00\" \/>\n<meta property=\"og:image\" content=\"https:\/\/disoler.com\/wp-content\/uploads\/2021\/05\/passatge_prunera_06.jpg\" \/>\n\t<meta property=\"og:image:width\" content=\"1500\" \/>\n\t<meta property=\"og:image:height\" content=\"1000\" \/>\n\t<meta property=\"og:image:type\" content=\"image\/jpeg\" \/>\n<meta name=\"twitter:card\" content=\"summary_large_image\" \/>\n<meta name=\"twitter:label1\" content=\"Temps estimat de lectura\" \/>\n\t<meta name=\"twitter:data1\" content=\"10 minuts\" \/>\n<script type=\"application\/ld+json\" class=\"yoast-schema-graph\">{\"@context\":\"https:\/\/schema.org\",\"@graph\":[{\"@type\":\"Organization\",\"@id\":\"https:\/\/disoler.com\/#organization\",\"name\":\"Disoler Espais S.L.\",\"url\":\"https:\/\/disoler.com\/\",\"sameAs\":[],\"logo\":{\"@type\":\"ImageObject\",\"@id\":\"https:\/\/disoler.com\/#logo\",\"inLanguage\":\"ca\",\"url\":\"https:\/\/disoler.com\/wp-content\/uploads\/2022\/03\/logo_disoler_espais_final.jpg\",\"contentUrl\":\"https:\/\/disoler.com\/wp-content\/uploads\/2022\/03\/logo_disoler_espais_final.jpg\",\"width\":240,\"height\":99,\"caption\":\"Disoler Espais S.L.\"},\"image\":{\"@id\":\"https:\/\/disoler.com\/#logo\"}},{\"@type\":\"WebSite\",\"@id\":\"https:\/\/disoler.com\/#website\",\"url\":\"https:\/\/disoler.com\/\",\"name\":\"Disoler Espais S.L.\",\"description\":\"Edificaci\u00f3n residencial, edificios y grandes instalaciones industriales.\",\"publisher\":{\"@id\":\"https:\/\/disoler.com\/#organization\"},\"potentialAction\":[{\"@type\":\"SearchAction\",\"target\":{\"@type\":\"EntryPoint\",\"urlTemplate\":\"https:\/\/disoler.com\/?s={search_term_string}\"},\"query-input\":\"required name=search_term_string\"}],\"inLanguage\":\"ca\"},{\"@type\":\"ImageObject\",\"@id\":\"https:\/\/disoler.com\/politica-privacidad\/#primaryimage\",\"inLanguage\":\"ca\",\"url\":\"https:\/\/disoler.com\/wp-content\/uploads\/2021\/05\/passatge_prunera_06.jpg\",\"contentUrl\":\"https:\/\/disoler.com\/wp-content\/uploads\/2021\/05\/passatge_prunera_06.jpg\",\"width\":1500,\"height\":1000},{\"@type\":\"WebPage\",\"@id\":\"https:\/\/disoler.com\/politica-privacidad\/#webpage\",\"url\":\"https:\/\/disoler.com\/politica-privacidad\/\",\"name\":\"Pol\u00edtica de privacidad - Disoler Espais S.L.\",\"isPartOf\":{\"@id\":\"https:\/\/disoler.com\/#website\"},\"primaryImageOfPage\":{\"@id\":\"https:\/\/disoler.com\/politica-privacidad\/#primaryimage\"},\"datePublished\":\"2021-04-14T12:12:04+00:00\",\"dateModified\":\"2021-05-05T14:37:48+00:00\",\"breadcrumb\":{\"@id\":\"https:\/\/disoler.com\/politica-privacidad\/#breadcrumb\"},\"inLanguage\":\"ca\",\"potentialAction\":[{\"@type\":\"ReadAction\",\"target\":[\"https:\/\/disoler.com\/politica-privacidad\/\"]}]},{\"@type\":\"BreadcrumbList\",\"@id\":\"https:\/\/disoler.com\/politica-privacidad\/#breadcrumb\",\"itemListElement\":[{\"@type\":\"ListItem\",\"position\":1,\"name\":\"Home\",\"item\":\"https:\/\/disoler.com\/\"},{\"@type\":\"ListItem\",\"position\":2,\"name\":\"Pol\u00edtica de privacidad\"}]}]}<\/script>\n<!-- \/ Yoast SEO plugin. -->","yoast_head_json":{"title":"Pol\u00edtica de privacidad - Disoler Espais S.L.","robots":{"index":"index","follow":"follow","max-snippet":"max-snippet:-1","max-image-preview":"max-image-preview:large","max-video-preview":"max-video-preview:-1"},"canonical":"https:\/\/disoler.com\/cat\/politica-privacidad\/","og_locale":"ca_ES","og_type":"article","og_title":"Pol\u00edtica de privacidad - Disoler Espais S.L.","og_description":"DISOLER ESPAIS S.L. te informa sobre su Pol\u00edtica de Privacidad respecto del tratamiento y protecci\u00f3n de los datos de car\u00e1cter personal de los usuarios y clientes que puedan ser recabados por la navegaci\u00f3n o contrataci\u00f3n de servicios a trav\u00e9s del sitio Web\u00a0https:\/\/disoler.com\/ En este sentido, el DISOLER ESPAIS S.L. garantiza el cumplimiento de la normativa [&hellip;]","og_url":"https:\/\/disoler.com\/cat\/politica-privacidad\/","og_site_name":"Disoler Espais S.L.","article_modified_time":"2021-05-05T14:37:48+00:00","og_image":[{"width":1500,"height":1000,"url":"https:\/\/disoler.com\/wp-content\/uploads\/2021\/05\/passatge_prunera_06.jpg","type":"image\/jpeg"}],"twitter_card":"summary_large_image","twitter_misc":{"Temps estimat de lectura":"10 minuts"},"schema":{"@context":"https:\/\/schema.org","@graph":[{"@type":"Organization","@id":"https:\/\/disoler.com\/#organization","name":"Disoler Espais S.L.","url":"https:\/\/disoler.com\/","sameAs":[],"logo":{"@type":"ImageObject","@id":"https:\/\/disoler.com\/#logo","inLanguage":"ca","url":"https:\/\/disoler.com\/wp-content\/uploads\/2022\/03\/logo_disoler_espais_final.jpg","contentUrl":"https:\/\/disoler.com\/wp-content\/uploads\/2022\/03\/logo_disoler_espais_final.jpg","width":240,"height":99,"caption":"Disoler Espais S.L."},"image":{"@id":"https:\/\/disoler.com\/#logo"}},{"@type":"WebSite","@id":"https:\/\/disoler.com\/#website","url":"https:\/\/disoler.com\/","name":"Disoler Espais S.L.","description":"Edificaci\u00f3n residencial, edificios y grandes instalaciones industriales.","publisher":{"@id":"https:\/\/disoler.com\/#organization"},"potentialAction":[{"@type":"SearchAction","target":{"@type":"EntryPoint","urlTemplate":"https:\/\/disoler.com\/?s={search_term_string}"},"query-input":"required name=search_term_string"}],"inLanguage":"ca"},{"@type":"ImageObject","@id":"https:\/\/disoler.com\/politica-privacidad\/#primaryimage","inLanguage":"ca","url":"https:\/\/disoler.com\/wp-content\/uploads\/2021\/05\/passatge_prunera_06.jpg","contentUrl":"https:\/\/disoler.com\/wp-content\/uploads\/2021\/05\/passatge_prunera_06.jpg","width":1500,"height":1000},{"@type":"WebPage","@id":"https:\/\/disoler.com\/politica-privacidad\/#webpage","url":"https:\/\/disoler.com\/politica-privacidad\/","name":"Pol\u00edtica de privacidad - Disoler Espais S.L.","isPartOf":{"@id":"https:\/\/disoler.com\/#website"},"primaryImageOfPage":{"@id":"https:\/\/disoler.com\/politica-privacidad\/#primaryimage"},"datePublished":"2021-04-14T12:12:04+00:00","dateModified":"2021-05-05T14:37:48+00:00","breadcrumb":{"@id":"https:\/\/disoler.com\/politica-privacidad\/#breadcrumb"},"inLanguage":"ca","potentialAction":[{"@type":"ReadAction","target":["https:\/\/disoler.com\/politica-privacidad\/"]}]},{"@type":"BreadcrumbList","@id":"https:\/\/disoler.com\/politica-privacidad\/#breadcrumb","itemListElement":[{"@type":"ListItem","position":1,"name":"Home","item":"https:\/\/disoler.com\/"},{"@type":"ListItem","position":2,"name":"Pol\u00edtica de privacidad"}]}]}},"_links":{"self":[{"href":"https:\/\/disoler.com\/cat\/wp-json\/wp\/v2\/pages\/3"}],"collection":[{"href":"https:\/\/disoler.com\/cat\/wp-json\/wp\/v2\/pages"}],"about":[{"href":"https:\/\/disoler.com\/cat\/wp-json\/wp\/v2\/types\/page"}],"author":[{"embeddable":true,"href":"https:\/\/disoler.com\/cat\/wp-json\/wp\/v2\/users\/1"}],"replies":[{"embeddable":true,"href":"https:\/\/disoler.com\/cat\/wp-json\/wp\/v2\/comments?post=3"}],"version-history":[{"count":9,"href":"https:\/\/disoler.com\/cat\/wp-json\/wp\/v2\/pages\/3\/revisions"}],"predecessor-version":[{"id":5703,"href":"https:\/\/disoler.com\/cat\/wp-json\/wp\/v2\/pages\/3\/revisions\/5703"}],"wp:featuredmedia":[{"embeddable":true,"href":"https:\/\/disoler.com\/cat\/wp-json\/wp\/v2\/media\/5522"}],"wp:attachment":[{"href":"https:\/\/disoler.com\/cat\/wp-json\/wp\/v2\/media?parent=3"}],"curies":[{"name":"wp","href":"https:\/\/api.w.org\/{rel}","templated":true}]}}